{"id":299,"date":"2020-07-01T15:56:26","date_gmt":"2020-07-01T15:56:26","guid":{"rendered":"http:\/\/lesgitesdebouxhmont.com\/?page_id=299"},"modified":"2022-03-14T13:58:49","modified_gmt":"2022-03-14T13:58:49","slug":"activites","status":"publish","type":"page","link":"https:\/\/lesgitesdebouxhmont.com\/?page_id=299","title":{"rendered":"Activit\u00e9s"},"content":{"rendered":"\n<figure class=\"wp-block-embed is-type-video is-provider-youtube wp-block-embed-youtube wp-embed-aspect-16-9 wp-has-aspect-ratio\"><div class=\"wp-block-embed__wrapper\">\n<div class=\"suki-oembed suki-oembed-video\" style=\"padding-top: 56.228%;\"><iframe loading=\"lazy\" title=\"On peut tout faire au Pays de Herve ! 90&#039;&#039;\" width=\"1140\" height=\"641\" src=\"https:\/\/www.youtube.com\/embed\/lYk0V80DnII?feature=oembed\" frameborder=\"0\" allow=\"accelerometer; autoplay; clipboard-write; encrypted-media; gyroscope; picture-in-picture\" allowfullscreen><\/iframe><\/div>\n<\/div><\/figure>\n\n\n\n<div class=\"wp-block-media-text alignwide is-stacked-on-mobile\" style=\"grid-template-columns:34% auto\"><figure class=\"wp-block-media-text__media\"><img loading=\"lazy\" decoding=\"async\" width=\"640\" height=\"480\" src=\"http:\/\/lesgitesdebouxhmont.com\/wp-content\/uploads\/2020\/07\/640px-Paysage_du_pays_de_Herve.jpg\" alt=\"\" class=\"wp-image-307 size-full\" srcset=\"https:\/\/lesgitesdebouxhmont.com\/wp-content\/uploads\/2020\/07\/640px-Paysage_du_pays_de_Herve.jpg 640w, https:\/\/lesgitesdebouxhmont.com\/wp-content\/uploads\/2020\/07\/640px-Paysage_du_pays_de_Herve-300x225.jpg 300w\" sizes=\"auto, (max-width: 640px) 100vw, 640px\" \/><\/figure><div class=\"wp-block-media-text__content\">\n<h2 class=\"has-suki-color-3-color has-text-color wp-block-heading\">Le pays de Herve<\/h2>\n\n\n\n<p class=\"has-suki-color-7-color has-suki-color-3-background-color has-text-color has-background has-normal-font-size\">Situ\u00e9 dans&nbsp;<strong>l\u2019Entre-Vesdre-et-Meuse<\/strong>, au c\u0153ur de l\u2019Euregio Meuse-Rhin et du triangle Aachen-Li\u00e8ge-Maastricht, le pays de Herve couvre une superficie de 450 km\u00b2 et pr\u00e9sente un relief plut\u00f4t vallonn\u00e9 o\u00f9 une multitudes de <span style=\"text-decoration: underline;\"><span style=\"color:#1c8901\" class=\"has-inline-color\"><em><a href=\"https:\/\/www.paysdeherve.be\/decouvrir\/a-pied\/promenades-a-pied-balisees\" target=\"_blank\" rel=\"noreferrer noopener\">promenades balis\u00e9es<\/a><\/em><\/span><\/span> et activit\u00e9s diverses sont possibles.<\/p>\n<\/div><\/div>\n\n\n\n<h2 class=\"has-text-align-right has-suki-color-3-color has-text-color wp-block-heading\">Se balader<\/h2>\n\n\n\n<div class=\"wp-block-image\"><figure class=\"aligncenter size-large\"><img loading=\"lazy\" decoding=\"async\" width=\"727\" height=\"243\" src=\"http:\/\/lesgitesdebouxhmont.com\/wp-content\/uploads\/2020\/07\/ravel.png\" alt=\"\" class=\"wp-image-300\" srcset=\"https:\/\/lesgitesdebouxhmont.com\/wp-content\/uploads\/2020\/07\/ravel.png 727w, https:\/\/lesgitesdebouxhmont.com\/wp-content\/uploads\/2020\/07\/ravel-300x100.png 300w\" sizes=\"auto, (max-width: 727px) 100vw, 727px\" \/><\/figure><\/div>\n\n\n\n<div class=\"wp-block-group\"><div class=\"wp-block-group__inner-container is-layout-flow wp-block-group-is-layout-flow\">\n<div class=\"wp-block-group alignfull\"><div class=\"wp-block-group__inner-container is-layout-flow wp-block-group-is-layout-flow\">\n<div class=\"wp-block-columns alignwide is-layout-flex wp-container-core-columns-is-layout-9d6595d7 wp-block-columns-is-layout-flex\">\n<div class=\"wp-block-column is-vertically-aligned-top is-layout-flow wp-block-column-is-layout-flow\">\n<p class=\"has-suki-color-7-color has-suki-color-3-background-color has-text-color has-background\">\u00c0 quelques pas de nos g\u00eetes, vous avez la possibilit\u00e9 de rejoindre <em><a rel=\"noreferrer noopener\" href=\"https:\/\/ravel.wallonie.be\/home\/itineraires\/international\/eurovelo-3\/de-herve-a-liege.html\" target=\"_blank\"><span style=\"color:#1c8901\" class=\"has-inline-color\"><span style=\"text-decoration: underline;\"><strong>la ligne 38<\/strong><\/span><\/span><\/a><\/em>. Celle-ci est une ancienne ligne de chemin de fer qui traverse le Pays de Herve et qui reliait autrefois Ch\u00ean\u00e9e \u00e0 Plombi\u00e8re.<br>D\u00e9sormais int\u00e9gr\u00e9e au r\u00e9seau RAVEL, elle est devenue l\u2019une des&nbsp;<strong>plus belles voies vertes de Belgique<\/strong>, r\u00e9serv\u00e9e aux promeneurs, joggers, cavaliers et \u00abVTTistes\u00bb (envrion&nbsp;<strong>42 km<\/strong>).<br>Elle constitue la v\u00e9ritable \u00e9pine dorsale du Pays de Herve.<\/p>\n\n\n\n<p class=\"has-suki-color-7-color has-suki-color-3-background-color has-text-color has-background\">Vous avez \u00e9galement les routes et chemins du&nbsp;<strong><em><a href=\"https:\/\/www.liegetourisme.be\/pointsnoeuds\" target=\"_blank\" rel=\"noreferrer noopener\"><span style=\"color:#1c8901\" class=\"has-inline-color\"><span style=\"text-decoration: underline;\">R\u00e9seau V\u00e9lo Points-n\u0153uds&nbsp;Province de Li\u00e8ge<\/span><\/span><\/a><\/em><\/strong>. C\u2019est l\u2019id\u00e9al pour la pratique de la randonn\u00e9e \u00e0 v\u00e9lo et la&nbsp;<strong>d\u00e9couverte touristique<\/strong>&nbsp;de notre territoire.<br>Le r\u00e9seau s\u2019appuie sur la colonne vert\u00e9brale du RAVeL.Il permet de pratiquer un v\u00e9lotourisme sur mesure:<br><strong>familles<\/strong>,&nbsp;<strong>sportifs<\/strong>&nbsp;ou&nbsp;<strong>randonneurs<\/strong>.<\/p>\n<\/div>\n\n\n\n<div class=\"wp-block-column is-layout-flow wp-block-column-is-layout-flow\" style=\"flex-basis:33.33%\">\n<figure class=\"wp-block-image size-large is-resized\"><img loading=\"lazy\" decoding=\"async\" src=\"http:\/\/lesgitesdebouxhmont.com\/wp-content\/uploads\/2020\/07\/ligne38.jpg\" alt=\"\" class=\"wp-image-302\" width=\"275\" height=\"205\"\/><figcaption>Ligne 38<\/figcaption><\/figure>\n\n\n\n<figure class=\"wp-block-image size-large is-resized\"><img loading=\"lazy\" decoding=\"async\" src=\"http:\/\/lesgitesdebouxhmont.com\/wp-content\/uploads\/2020\/07\/ligne38-2-1024x674.jpg\" alt=\"\" class=\"wp-image-303\" width=\"275\" height=\"169\"\/><figcaption>Ligne 38<\/figcaption><\/figure>\n\n\n\n<p><\/p>\n<\/div>\n<\/div>\n<\/div><\/div>\n<\/div><\/div>\n\n\n\n<h2 class=\"has-suki-color-3-color has-text-color wp-block-heading\">Le patrimoine<\/h2>\n\n\n\n<figure class=\"wp-block-gallery has-nested-images columns-default is-cropped wp-block-gallery-1 is-layout-flex wp-block-gallery-is-layout-flex\">\n<figure class=\"wp-block-image size-large\"><img loading=\"lazy\" decoding=\"async\" width=\"259\" height=\"194\" data-id=\"351\" src=\"https:\/\/lesgitesdebouxhmont.com\/wp-content\/uploads\/2020\/07\/fort-de-battice.jpg\" alt=\"\" class=\"wp-image-351\"\/><figcaption><a href=\"https:\/\/www.liegetourisme.be\/visite-guidee-du-fort-de-battice.html\" target=\"_blank\" aria-label=\"undefined (s\u2019ouvre dans un nouvel onglet)\" rel=\"noreferrer noopener\">LE FORT DE BATTICE<\/a><\/figcaption><\/figure>\n\n\n\n<figure class=\"wp-block-image size-large\"><img loading=\"lazy\" decoding=\"async\" width=\"683\" height=\"1024\" data-id=\"364\" src=\"https:\/\/lesgitesdebouxhmont.com\/wp-content\/uploads\/2020\/07\/croix-683x1024.jpg\" alt=\"\" class=\"wp-image-364\" srcset=\"https:\/\/lesgitesdebouxhmont.com\/wp-content\/uploads\/2020\/07\/croix-683x1024.jpg 683w, https:\/\/lesgitesdebouxhmont.com\/wp-content\/uploads\/2020\/07\/croix-200x300.jpg 200w, https:\/\/lesgitesdebouxhmont.com\/wp-content\/uploads\/2020\/07\/croix-768x1152.jpg 768w, https:\/\/lesgitesdebouxhmont.com\/wp-content\/uploads\/2020\/07\/croix.jpg 902w\" sizes=\"auto, (max-width: 683px) 100vw, 683px\" \/><figcaption><a href=\"https:\/\/www.cirkwi.com\/fr\/circuit\/13041-charneux-balade-de-la-croix\" target=\"_blank\" aria-label=\"undefined (s\u2019ouvre dans un nouvel onglet)\" rel=\"noreferrer noopener\">LA CROIX DE CHARNEUX<\/a><\/figcaption><\/figure>\n\n\n\n<figure class=\"wp-block-image size-large\"><img loading=\"lazy\" decoding=\"async\" width=\"1024\" height=\"768\" data-id=\"350\" src=\"https:\/\/lesgitesdebouxhmont.com\/wp-content\/uploads\/2020\/07\/1200px-Val_Dieu_JPG02-1024x768.jpg\" alt=\"\" class=\"wp-image-350\" srcset=\"https:\/\/lesgitesdebouxhmont.com\/wp-content\/uploads\/2020\/07\/1200px-Val_Dieu_JPG02-1024x768.jpg 1024w, https:\/\/lesgitesdebouxhmont.com\/wp-content\/uploads\/2020\/07\/1200px-Val_Dieu_JPG02-300x225.jpg 300w, https:\/\/lesgitesdebouxhmont.com\/wp-content\/uploads\/2020\/07\/1200px-Val_Dieu_JPG02-768x576.jpg 768w, https:\/\/lesgitesdebouxhmont.com\/wp-content\/uploads\/2020\/07\/1200px-Val_Dieu_JPG02.jpg 1200w\" sizes=\"auto, (max-width: 1024px) 100vw, 1024px\" \/><figcaption><a href=\"https:\/\/www.paysdeherve.be\/details\/ALD-0E-000A39&amp;type=11\" target=\"_blank\" aria-label=\"undefined (s\u2019ouvre dans un nouvel onglet)\" rel=\"noreferrer noopener\">L&rsquo;ABBAYE DU VAL-DIEU<\/a><\/figcaption><\/figure>\n\n\n\n<figure class=\"wp-block-image size-large\"><img loading=\"lazy\" decoding=\"async\" width=\"756\" height=\"523\" data-id=\"353\" src=\"https:\/\/lesgitesdebouxhmont.com\/wp-content\/uploads\/2020\/07\/Henri_Chapelle-memorial.jpg\" alt=\"\" class=\"wp-image-353\" srcset=\"https:\/\/lesgitesdebouxhmont.com\/wp-content\/uploads\/2020\/07\/Henri_Chapelle-memorial.jpg 756w, https:\/\/lesgitesdebouxhmont.com\/wp-content\/uploads\/2020\/07\/Henri_Chapelle-memorial-300x208.jpg 300w\" sizes=\"auto, (max-width: 756px) 100vw, 756px\" \/><figcaption><a href=\"https:\/\/www.paysdeherve.be\/details\/ALD-01-0009GA&amp;type=11\" target=\"_blank\" aria-label=\"undefined (s\u2019ouvre dans un nouvel onglet)\" rel=\"noreferrer noopener\">CIMETI\u00c8RE AM\u00c9RICAIN D&rsquo;HENRI-CHAPELLE<\/a><\/figcaption><\/figure>\n\n\n\n<figure class=\"wp-block-image size-large\"><img loading=\"lazy\" decoding=\"async\" width=\"585\" height=\"340\" data-id=\"366\" src=\"https:\/\/lesgitesdebouxhmont.com\/wp-content\/uploads\/2020\/07\/vu-de-haut.jpg\" alt=\"\" class=\"wp-image-366\" srcset=\"https:\/\/lesgitesdebouxhmont.com\/wp-content\/uploads\/2020\/07\/vu-de-haut.jpg 585w, https:\/\/lesgitesdebouxhmont.com\/wp-content\/uploads\/2020\/07\/vu-de-haut-300x174.jpg 300w\" sizes=\"auto, (max-width: 585px) 100vw, 585px\" \/><figcaption><a href=\"https:\/\/www.paysdeherve.be\/details\/ALD-0E-000AGX&amp;type=11\" target=\"_blank\" aria-label=\"undefined (s\u2019ouvre dans un nouvel onglet)\" rel=\"noreferrer noopener\">LES 3 BORNES<\/a><\/figcaption><\/figure>\n<\/figure>\n\n\n\n<div class=\"wp-block-group has-suki-color-7-color has-suki-color-3-background-color has-text-color has-background\"><div class=\"wp-block-group__inner-container is-layout-flow wp-block-group-is-layout-flow\">\n<ul class=\"wp-block-list\"><li>Le <span style=\"color:#1c8901\" class=\"has-inline-color\"><span style=\"text-decoration: underline;\"><a rel=\"noreferrer noopener\" href=\"https:\/\/www.liegetourisme.be\/fort-de-battice.html?origine_affinage=true&amp;mid=1&amp;action=result&amp;origine_affinage=true#media\" target=\"_blank\"><em>Fort de Battice<\/em><\/a><\/span><\/span> est l&rsquo;un des quatre forts construits dans les&nbsp;<strong>ann\u00e9es 30<\/strong>&nbsp;(plus pr\u00e9cis\u00e9ment de 1934 \u00e0 1937). En mai 1940, le fort soutint un si\u00e8ge de 12 jours sous le feu de l&rsquo;artillerie lourde et de l&rsquo;aviation allemandes. Une seule bombe lanc\u00e9e par un stuka, par un malheureux ricochet, p\u00e9n\u00e9tra dans un bloc de combat en tuant 28 de ses occupants. On peut encore en voir l&rsquo;ampleur des d\u00e9g\u00e2ts dans le petit mus\u00e9e qui y est install\u00e9.<\/li><li><em><a rel=\"noreferrer noopener\" href=\"http:\/\/www.xn--cp-lige-6xa.be\/la-croix-de-charneux\/\" target=\"_blank\"><span style=\"color:#1c8901\" class=\"has-inline-color\"><span style=\"text-decoration: underline;\">La Croix de Charneux<\/span><\/span><\/a><\/em> domine toute la r\u00e9gion et offre un panorama exceptionnel du Pays de Herve.<br>Pr\u00e8s de cette croix se trouve aussi une c\u00e9l\u00e8bre tourelle d\u2019observation du Fort de Battice (tourelle surnomm\u00e9e \u201cMN 29\u201d) et qui r\u00e9sista du 10 au 17 mai 1940 aux assauts allemands. Aujourd\u2019hui un monument comm\u00e9moratif y rappelle cette d\u00e9fense h\u00e9ro\u00efque.<\/li><li><em><span style=\"text-decoration: underline;\"><span style=\"color:#1c8901\" class=\"has-inline-color\"><a rel=\"noreferrer noopener\" href=\"https:\/\/www.abbaye-du-val-dieu.be\/fr\/\" target=\"_blank\">L&rsquo;Abbaye du Val-Dieu<\/a><\/span><\/span><\/em> a \u00e9t\u00e9 fond\u00e9e en 1216, elle est la derni\u00e8re abbaye cistercienne ayant surv\u00e9cu \u00e0 la r\u00e9volution fran\u00e7aise.<br>Elle abrite \u00e9galement la Brasserie du Val-Dieu, c\u00e9l\u00e8bre pour sa palette color\u00e9e de breuvages houblonn\u00e9s : blonde, brune, grand cru&#8230;<\/li><li>Le m\u00e9morial et cimeti\u00e8re<strong><em><a rel=\"noreferrer noopener\" href=\"https:\/\/www.paysdeherve.be\/details\/ALD-01-0009GA&amp;type=11\" target=\"_blank\"> <\/a><\/em><\/strong><em><a rel=\"noreferrer noopener\" href=\"https:\/\/www.paysdeherve.be\/details\/ALD-01-0009GA&amp;type=11\" target=\"_blank\"><span style=\"color:#1c8901\" class=\"has-inline-color\"><span style=\"text-decoration: underline;\">cimeti\u00e8re Am\u00e9ricain d&rsquo;Henri-Chapelle<\/span><\/span><\/a><\/em> d\u2019une superficie d\u2019environ 23 hectares, ce cimeti\u00e8re militaire a \u00e9t\u00e9 cr\u00e9\u00e9 en septembre 1944 par la premi\u00e8re Division d\u2019Infanterie de la Premi\u00e8re Arm\u00e9e Am\u00e9ricaine.<br>7 992 soldats am\u00e9ricains tomb\u00e9s au cours de l\u2019avanc\u00e9e de la 1\u00e8re Arm\u00e9e \u00e0 travers le nord de la France, la Belgique, les Pays-Bas, le Luxembourg et l\u2019Allemagne ainsi que durant l\u2019\u00e2pre \u00ab Bataille des Ardennes \u00bb de l\u2019hiver 1944-1945 reposent dans cette n\u00e9cropole.<\/li><li>Le site des Trois Fronti\u00e8res et ses <em><a rel=\"noreferrer noopener\" href=\"https:\/\/www.paysdeherve.be\/attractions-musees\/ALD-0E-000AGX&amp;type=11\" target=\"_blank\"><span style=\"color:#1c8901\" class=\"has-inline-color\"><span style=\"text-decoration: underline;\">3 bornes<\/span><\/span><\/a><\/em> marquent les point de rencontre de la Belgique, des Pays Bas et de l&rsquo;Allemagne.<br>Les for\u00eat avoisinantes disposent d&rsquo;un imposant r\u00e9seau de promenades. Toutes sont fl\u00e9ch\u00e9es et forment un circuit de 5 km, tout en respectant les couleurs: rouge, noir, jaune.<\/li><\/ul>\n<\/div><\/div>\n\n\n\n<div class=\"wp-block-columns alignwide is-layout-flex wp-container-core-columns-is-layout-9d6595d7 wp-block-columns-is-layout-flex\">\n<div class=\"wp-block-column is-vertically-aligned-center is-layout-flow wp-block-column-is-layout-flow\" style=\"flex-basis:33.33%\">\n<div class=\"wp-block-image\"><figure class=\"aligncenter size-large\"><img loading=\"lazy\" decoding=\"async\" width=\"451\" height=\"634\" src=\"http:\/\/lesgitesdebouxhmont.com\/wp-content\/uploads\/2020\/07\/Capture.jpg\" alt=\"\" class=\"wp-image-430\"\/><figcaption><a href=\"http:\/\/www.beauxvillages.be\/a-faire\/circuits-decouverte\/circuit-insolite-au-c-ur-des-pays-de-herve-et-de-vesdre.htm?lng=fr\" target=\"_blank\" aria-label=\"undefined (s\u2019ouvre dans un nouvel onglet)\" rel=\"noreferrer noopener\">CIRCUITS D\u00c9COUVERTE<\/a><\/figcaption><\/figure><\/div>\n<\/div>\n\n\n\n<div class=\"wp-block-column is-layout-flow wp-block-column-is-layout-flow\" style=\"flex-basis:66.66%\">\n<h3 class=\"has-suki-color-3-color has-text-color wp-block-heading\">\u00c0 faire en voiture<\/h3>\n\n\n\n<p class=\"has-suki-color-7-color has-suki-color-3-background-color has-text-color has-background\">Le circuit insolite au coeur des Pays de Herve et de Vesdre.<br>Sur un trajet d\u2019une centaine de kilom\u00e8tres, ce circuit vous d\u00e9voilera les beaut\u00e9s des 4 Beaux Villages de la r\u00e9gion, mais bien plus encore, il vous fera parcourir la r\u00e9gion afin d\u2019en d\u00e9couvrir ses plus beaux coins.<\/p>\n\n\n\n<p class=\"has-suki-color-7-color has-suki-color-3-background-color has-text-color has-background has-small-font-size\">\u2192&nbsp; &nbsp;T\u00e9l\u00e9charger le circuit et l&rsquo;ouvrir via l&rsquo;application \u00ab\u00a0Maps\u00a0\u00bb. Passer ensuite en \u00ab\u00a0mode voiture\u00a0\u00bb pour le guidage :&nbsp;<a rel=\"noreferrer noopener\" href=\"https:\/\/goo.gl\/maps\/zD9mHS6JT832\" target=\"_blank\"><span style=\"color:#1c8901\" class=\"has-inline-color\"><span style=\"text-decoration: underline;\"><em>https:\/\/goo.gl\/maps\/zD9mHS6JT832<\/em><\/span><\/span><\/a><\/p>\n\n\n\n<p class=\"has-suki-color-7-color has-suki-color-3-background-color has-text-color has-background has-small-font-size\">\u2192&nbsp; &nbsp;T\u00e9l\u00e9charger la brochure \u00ab\u00a0Circuit Insolite\u00a0\u00bb FR :&nbsp;<a rel=\"noreferrer noopener\" href=\"http:\/\/beauxvillages.be\/files\/library\/A-faire\/Grappage\/Circuit-Insolite-Au-Coeur-des-pays-de-Herve-et-de-Vesdre-Livret-Final-FR.pdf\" target=\"_blank\"><span style=\"color:#1c8901\" class=\"has-inline-color\"><span style=\"text-decoration: underline;\"><em>Circuit Insolite &#8211; Au C\u0153ur des Pays de Herve et de Vesdre<\/em><\/span><\/span><\/a><\/p>\n\n\n\n<p class=\"has-suki-color-7-color has-suki-color-3-background-color has-text-color has-background has-small-font-size\">\u2192&nbsp; &nbsp;T\u00e9l\u00e9charger la trace GPS du circuit (.gpx) :&nbsp;<a rel=\"noreferrer noopener\" href=\"http:\/\/beauxvillages.be\/files\/library\/A-faire\/Grappage\/Cicuirt_Insolite_PaysdeHerve_Vesdre.gpx\" target=\"_blank\"><span style=\"color:#1c8901\" class=\"has-inline-color\"><span style=\"text-decoration: underline;\"><em>Circuit Insolite &#8211; Au C\u0153ur des Pays de Herve et de Vesdre<\/em><\/span><\/span><\/a><\/p>\n<\/div>\n<\/div>\n\n\n\n<h2 class=\"has-text-align-center has-suki-color-3-color has-text-color wp-block-heading\">Gastronomie<\/h2>\n\n\n\n<div class=\"wp-block-media-text alignwide has-media-on-the-right is-stacked-on-mobile\"><figure class=\"wp-block-media-text__media\"><img loading=\"lazy\" decoding=\"async\" width=\"573\" height=\"437\" src=\"https:\/\/lesgitesdebouxhmont.com\/wp-content\/uploads\/2020\/07\/2390515029.png\" alt=\"\" class=\"wp-image-508 size-full\" srcset=\"https:\/\/lesgitesdebouxhmont.com\/wp-content\/uploads\/2020\/07\/2390515029.png 573w, https:\/\/lesgitesdebouxhmont.com\/wp-content\/uploads\/2020\/07\/2390515029-300x229.png 300w\" sizes=\"auto, (max-width: 573px) 100vw, 573px\" \/><\/figure><div class=\"wp-block-media-text__content\">\n<p class=\"has-suki-color-7-color has-suki-color-3-background-color has-text-color has-background\">De la d\u00e9tente \u00e0 la d\u00e9couverte de la gastronomie locale, il n\u2019y a qu\u2019un pas \u2026 et le Pays de Herve offre un&nbsp;<strong>terroir exceptionnel<\/strong>. En figure de proue de celui-ci, le fameux&nbsp;<span style=\"color:#1c8901\" class=\"has-inline-color\"><span style=\"text-decoration: underline;\"><a aria-label=\"undefined (s\u2019ouvre dans un nouvel onglet)\" href=\"https:\/\/www.paysdeherve.be\/les-produits-de-notre-terroir\/PDT-0E-000AHF&amp;type=267\/\" target=\"_blank\" rel=\"noreferrer noopener\"><em>fromage de Herve<\/em><\/a><\/span><\/span> seul fromage AOP de Belgique, qui se marie \u00e0 merveille avec le&nbsp;<a aria-label=\"undefined (s\u2019ouvre dans un nouvel onglet)\" href=\"https:\/\/www.paysdeherve.be\/les-produits-de-notre-terroir\/PDT-0E-000AHH&amp;type=267\" target=\"_blank\" rel=\"noreferrer noopener\"><span style=\"color:#1c8901\" class=\"has-inline-color\"><span style=\"text-decoration: underline;\"><em>sirop<\/em><\/span><\/span><\/a>&nbsp;de pommes et de poires local.<br>Les amateurs de viandes et de cochonnailles trouveront \u00e9galement leur bonheur parmi les sp\u00e9cialit\u00e9s charcuti\u00e8res comme, par exemple, lev\u2019gos.<br>Pour compl\u00e9ter le plateau, le Pays de Herve est \u00e9galement une r\u00e9gion bien connue pour ses&nbsp;<a aria-label=\"undefined (s\u2019ouvre dans un nouvel onglet)\" href=\"https:\/\/www.paysdeherve.be\/les-produits-de-notre-terroir\/PDT-0E-000AHJ&amp;type=267\" target=\"_blank\" rel=\"noreferrer noopener\"><span style=\"color:#1c8901\" class=\"has-inline-color\"><span style=\"text-decoration: underline;\"><em>cidres<\/em><\/span><\/span><\/a>&nbsp;et ses<span style=\"color:#1c8901\" class=\"has-inline-color\">&nbsp;<a aria-label=\"undefined (s\u2019ouvre dans un nouvel onglet)\" href=\"https:\/\/www.paysdeherve.be\/les-produits-de-notre-terroir\/PDT-0E-000AHG&amp;type=267\" target=\"_blank\" rel=\"noreferrer noopener\"><span style=\"text-decoration: underline;\"><em>bi\u00e8res locales<\/em><\/span><\/a><\/span>.<br>D\u00e9couvrez <em><a href=\"https:\/\/www.paysdeherve.be\/les-producteurs\" target=\"_blank\" rel=\"noreferrer noopener\"><span style=\"color:#1c8901\" class=\"has-inline-color\"><span style=\"text-decoration: underline;\">ici<\/span><\/span><\/a><\/em> la liste des producteurs locaux ainsi que de nombreuses <span style=\"color:#1c8901\" class=\"has-inline-color\"><span style=\"text-decoration: underline;\"><a href=\"https:\/\/www.paysdeherve.be\/les-produits-de-notre-terroir\/les-cuisiner\" target=\"_blank\" aria-label=\"undefined (s\u2019ouvre dans un nouvel onglet)\" rel=\"noreferrer noopener\"><em>recettes<\/em><\/a><\/span><\/span>.<\/p>\n<\/div><\/div>\n\n\n\n<div class=\"wp-block-group\"><div class=\"wp-block-group__inner-container is-layout-flow wp-block-group-is-layout-flow\">\n<figure class=\"wp-block-gallery has-nested-images columns-default is-cropped wp-block-gallery-2 is-layout-flex wp-block-gallery-is-layout-flex\">\n<figure class=\"wp-block-image size-large\"><img loading=\"lazy\" decoding=\"async\" width=\"500\" height=\"306\" data-id=\"506\" src=\"https:\/\/lesgitesdebouxhmont.com\/wp-content\/uploads\/2020\/07\/Fromage-de-herve-1.jpg\" alt=\"\" class=\"wp-image-506\" srcset=\"https:\/\/lesgitesdebouxhmont.com\/wp-content\/uploads\/2020\/07\/Fromage-de-herve-1.jpg 500w, https:\/\/lesgitesdebouxhmont.com\/wp-content\/uploads\/2020\/07\/Fromage-de-herve-1-300x184.jpg 300w\" sizes=\"auto, (max-width: 500px) 100vw, 500px\" \/><figcaption><a href=\"https:\/\/www.herve-societe.be\/\" target=\"_blank\" aria-label=\"undefined (s\u2019ouvre dans un nouvel onglet)\" rel=\"noreferrer noopener\">FROMAGE DE HERVE<\/a><\/figcaption><\/figure>\n\n\n\n<figure class=\"wp-block-image size-large\"><img loading=\"lazy\" decoding=\"async\" width=\"220\" height=\"147\" data-id=\"507\" src=\"https:\/\/lesgitesdebouxhmont.com\/wp-content\/uploads\/2020\/07\/sirop-1.jpg\" alt=\"\" class=\"wp-image-507\"\/><figcaption><a href=\"http:\/\/www.sirop-de-liege.com\/FR\/sirop.php\" target=\"_blank\" aria-label=\"undefined (s\u2019ouvre dans un nouvel onglet)\" rel=\"noreferrer noopener\">SIROP DE LI\u00c8GE<\/a><\/figcaption><\/figure>\n<\/figure>\n<\/div><\/div>\n\n\n\n<div style=\"height:20px\" aria-hidden=\"true\" class=\"wp-block-spacer\"><\/div>\n\n\n\n<h2 class=\"has-text-align-center has-suki-color-1-color has-text-color wp-block-heading\">Bon s\u00e9jour au Pays de Herve!<\/h2>\n\n\n\n<p><\/p>\n","protected":false},"excerpt":{"rendered":"<p>Le pays de Herve Situ\u00e9 dans&nbsp;l\u2019Entre-Vesdre-et-Meuse, au c\u0153ur de l\u2019Euregio Meuse-Rhin et du triangle Aachen-Li\u00e8ge-Maastricht, le pays de Herve couvre une superficie de 450 km\u00b2 et pr\u00e9sente un relief plut\u00f4t vallonn\u00e9 o\u00f9 une multitudes de promenades balis\u00e9es et activit\u00e9s diverses sont possibles. Se balader \u00c0 quelques pas de nos g\u00eetes, vous avez la possibilit\u00e9 de &hellip;<\/p>\n","protected":false},"author":1,"featured_media":474,"parent":0,"menu_order":0,"comment_status":"closed","ping_status":"closed","template":"","meta":{"_monsterinsights_skip_tracking":false,"_monsterinsights_sitenote_active":false,"_monsterinsights_sitenote_note":"","_monsterinsights_sitenote_category":0,"footnotes":""},"class_list":["post-299","page","type-page","status-publish","has-post-thumbnail","hentry"],"yoast_head":"<!-- This site is optimized with the Yoast SEO plugin v27.4 - https:\/\/yoast.com\/product\/yoast-seo-wordpress\/ -->\n<title>Activit\u00e9s - Les g\u00eetes de Bouxhmont<\/title>\n<meta name=\"robots\" content=\"index, follow, max-snippet:-1, max-image-preview:large, max-video-preview:-1\" \/>\n<link rel=\"canonical\" href=\"https:\/\/lesgitesdebouxhmont.com\/?page_id=299\" \/>\n<meta property=\"og:locale\" content=\"fr_FR\" \/>\n<meta property=\"og:type\" content=\"article\" \/>\n<meta property=\"og:title\" content=\"Activit\u00e9s - Les g\u00eetes de Bouxhmont\" \/>\n<meta property=\"og:description\" content=\"Le pays de Herve Situ\u00e9 dans&nbsp;l\u2019Entre-Vesdre-et-Meuse, au c\u0153ur de l\u2019Euregio Meuse-Rhin et du triangle Aachen-Li\u00e8ge-Maastricht, le pays de Herve couvre une superficie de 450 km\u00b2 et pr\u00e9sente un relief plut\u00f4t vallonn\u00e9 o\u00f9 une multitudes de promenades balis\u00e9es et activit\u00e9s diverses sont possibles. Se balader \u00c0 quelques pas de nos g\u00eetes, vous avez la possibilit\u00e9 de &hellip;\" \/>\n<meta property=\"og:url\" content=\"https:\/\/lesgitesdebouxhmont.com\/?page_id=299\" \/>\n<meta property=\"og:site_name\" content=\"Les g\u00eetes de Bouxhmont\" \/>\n<meta property=\"article:publisher\" content=\"https:\/\/www.facebook.com\/Les-g%c3%aetes-de-Bouxhmont-111452740537296\/\" \/>\n<meta property=\"article:modified_time\" content=\"2022-03-14T13:58:49+00:00\" \/>\n<meta property=\"og:image\" content=\"https:\/\/lesgitesdebouxhmont.com\/wp-content\/uploads\/2020\/07\/v\u00e9lo-e1594226403458.jpg\" \/>\n\t<meta property=\"og:image:width\" content=\"1920\" \/>\n\t<meta property=\"og:image:height\" content=\"643\" \/>\n\t<meta property=\"og:image:type\" content=\"image\/jpeg\" \/>\n<meta name=\"twitter:card\" content=\"summary_large_image\" \/>\n<meta name=\"twitter:label1\" content=\"Dur\u00e9e de lecture estim\u00e9e\" \/>\n\t<meta name=\"twitter:data1\" content=\"7 minutes\" \/>\n<script type=\"application\/ld+json\" class=\"yoast-schema-graph\">{\"@context\":\"https:\\\/\\\/schema.org\",\"@graph\":[{\"@type\":\"WebPage\",\"@id\":\"https:\\\/\\\/lesgitesdebouxhmont.com\\\/?page_id=299\",\"url\":\"https:\\\/\\\/lesgitesdebouxhmont.com\\\/?page_id=299\",\"name\":\"Activit\u00e9s - Les g\u00eetes de Bouxhmont\",\"isPartOf\":{\"@id\":\"https:\\\/\\\/lesgitesdebouxhmont.com\\\/#website\"},\"primaryImageOfPage\":{\"@id\":\"https:\\\/\\\/lesgitesdebouxhmont.com\\\/?page_id=299#primaryimage\"},\"image\":{\"@id\":\"https:\\\/\\\/lesgitesdebouxhmont.com\\\/?page_id=299#primaryimage\"},\"thumbnailUrl\":\"https:\\\/\\\/lesgitesdebouxhmont.com\\\/wp-content\\\/uploads\\\/2020\\\/07\\\/v\u00e9lo-e1594226403458.jpg\",\"datePublished\":\"2020-07-01T15:56:26+00:00\",\"dateModified\":\"2022-03-14T13:58:49+00:00\",\"breadcrumb\":{\"@id\":\"https:\\\/\\\/lesgitesdebouxhmont.com\\\/?page_id=299#breadcrumb\"},\"inLanguage\":\"fr-FR\",\"potentialAction\":[{\"@type\":\"ReadAction\",\"target\":[\"https:\\\/\\\/lesgitesdebouxhmont.com\\\/?page_id=299\"]}]},{\"@type\":\"ImageObject\",\"inLanguage\":\"fr-FR\",\"@id\":\"https:\\\/\\\/lesgitesdebouxhmont.com\\\/?page_id=299#primaryimage\",\"url\":\"https:\\\/\\\/lesgitesdebouxhmont.com\\\/wp-content\\\/uploads\\\/2020\\\/07\\\/v\u00e9lo-e1594226403458.jpg\",\"contentUrl\":\"https:\\\/\\\/lesgitesdebouxhmont.com\\\/wp-content\\\/uploads\\\/2020\\\/07\\\/v\u00e9lo-e1594226403458.jpg\",\"width\":1920,\"height\":643},{\"@type\":\"BreadcrumbList\",\"@id\":\"https:\\\/\\\/lesgitesdebouxhmont.com\\\/?page_id=299#breadcrumb\",\"itemListElement\":[{\"@type\":\"ListItem\",\"position\":1,\"name\":\"Accueil\",\"item\":\"https:\\\/\\\/lesgitesdebouxhmont.com\\\/\"},{\"@type\":\"ListItem\",\"position\":2,\"name\":\"Activit\u00e9s\"}]},{\"@type\":\"WebSite\",\"@id\":\"https:\\\/\\\/lesgitesdebouxhmont.com\\\/#website\",\"url\":\"https:\\\/\\\/lesgitesdebouxhmont.com\\\/\",\"name\":\"Les g\u00eetes de Bouxhmont\",\"description\":\"\",\"potentialAction\":[{\"@type\":\"SearchAction\",\"target\":{\"@type\":\"EntryPoint\",\"urlTemplate\":\"https:\\\/\\\/lesgitesdebouxhmont.com\\\/?s={search_term_string}\"},\"query-input\":{\"@type\":\"PropertyValueSpecification\",\"valueRequired\":true,\"valueName\":\"search_term_string\"}}],\"inLanguage\":\"fr-FR\"}]}<\/script>\n<!-- \/ Yoast SEO plugin. -->","yoast_head_json":{"title":"Activit\u00e9s - Les g\u00eetes de Bouxhmont","robots":{"index":"index","follow":"follow","max-snippet":"max-snippet:-1","max-image-preview":"max-image-preview:large","max-video-preview":"max-video-preview:-1"},"canonical":"https:\/\/lesgitesdebouxhmont.com\/?page_id=299","og_locale":"fr_FR","og_type":"article","og_title":"Activit\u00e9s - Les g\u00eetes de Bouxhmont","og_description":"Le pays de Herve Situ\u00e9 dans&nbsp;l\u2019Entre-Vesdre-et-Meuse, au c\u0153ur de l\u2019Euregio Meuse-Rhin et du triangle Aachen-Li\u00e8ge-Maastricht, le pays de Herve couvre une superficie de 450 km\u00b2 et pr\u00e9sente un relief plut\u00f4t vallonn\u00e9 o\u00f9 une multitudes de promenades balis\u00e9es et activit\u00e9s diverses sont possibles. Se balader \u00c0 quelques pas de nos g\u00eetes, vous avez la possibilit\u00e9 de &hellip;","og_url":"https:\/\/lesgitesdebouxhmont.com\/?page_id=299","og_site_name":"Les g\u00eetes de Bouxhmont","article_publisher":"https:\/\/www.facebook.com\/Les-g%c3%aetes-de-Bouxhmont-111452740537296\/","article_modified_time":"2022-03-14T13:58:49+00:00","og_image":[{"width":1920,"height":643,"url":"https:\/\/lesgitesdebouxhmont.com\/wp-content\/uploads\/2020\/07\/v\u00e9lo-e1594226403458.jpg","type":"image\/jpeg"}],"twitter_card":"summary_large_image","twitter_misc":{"Dur\u00e9e de lecture estim\u00e9e":"7 minutes"},"schema":{"@context":"https:\/\/schema.org","@graph":[{"@type":"WebPage","@id":"https:\/\/lesgitesdebouxhmont.com\/?page_id=299","url":"https:\/\/lesgitesdebouxhmont.com\/?page_id=299","name":"Activit\u00e9s - Les g\u00eetes de Bouxhmont","isPartOf":{"@id":"https:\/\/lesgitesdebouxhmont.com\/#website"},"primaryImageOfPage":{"@id":"https:\/\/lesgitesdebouxhmont.com\/?page_id=299#primaryimage"},"image":{"@id":"https:\/\/lesgitesdebouxhmont.com\/?page_id=299#primaryimage"},"thumbnailUrl":"https:\/\/lesgitesdebouxhmont.com\/wp-content\/uploads\/2020\/07\/v\u00e9lo-e1594226403458.jpg","datePublished":"2020-07-01T15:56:26+00:00","dateModified":"2022-03-14T13:58:49+00:00","breadcrumb":{"@id":"https:\/\/lesgitesdebouxhmont.com\/?page_id=299#breadcrumb"},"inLanguage":"fr-FR","potentialAction":[{"@type":"ReadAction","target":["https:\/\/lesgitesdebouxhmont.com\/?page_id=299"]}]},{"@type":"ImageObject","inLanguage":"fr-FR","@id":"https:\/\/lesgitesdebouxhmont.com\/?page_id=299#primaryimage","url":"https:\/\/lesgitesdebouxhmont.com\/wp-content\/uploads\/2020\/07\/v\u00e9lo-e1594226403458.jpg","contentUrl":"https:\/\/lesgitesdebouxhmont.com\/wp-content\/uploads\/2020\/07\/v\u00e9lo-e1594226403458.jpg","width":1920,"height":643},{"@type":"BreadcrumbList","@id":"https:\/\/lesgitesdebouxhmont.com\/?page_id=299#breadcrumb","itemListElement":[{"@type":"ListItem","position":1,"name":"Accueil","item":"https:\/\/lesgitesdebouxhmont.com\/"},{"@type":"ListItem","position":2,"name":"Activit\u00e9s"}]},{"@type":"WebSite","@id":"https:\/\/lesgitesdebouxhmont.com\/#website","url":"https:\/\/lesgitesdebouxhmont.com\/","name":"Les g\u00eetes de Bouxhmont","description":"","potentialAction":[{"@type":"SearchAction","target":{"@type":"EntryPoint","urlTemplate":"https:\/\/lesgitesdebouxhmont.com\/?s={search_term_string}"},"query-input":{"@type":"PropertyValueSpecification","valueRequired":true,"valueName":"search_term_string"}}],"inLanguage":"fr-FR"}]}},"_links":{"self":[{"href":"https:\/\/lesgitesdebouxhmont.com\/index.php?rest_route=\/wp\/v2\/pages\/299","targetHints":{"allow":["GET"]}}],"collection":[{"href":"https:\/\/lesgitesdebouxhmont.com\/index.php?rest_route=\/wp\/v2\/pages"}],"about":[{"href":"https:\/\/lesgitesdebouxhmont.com\/index.php?rest_route=\/wp\/v2\/types\/page"}],"author":[{"embeddable":true,"href":"https:\/\/lesgitesdebouxhmont.com\/index.php?rest_route=\/wp\/v2\/users\/1"}],"replies":[{"embeddable":true,"href":"https:\/\/lesgitesdebouxhmont.com\/index.php?rest_route=%2Fwp%2Fv2%2Fcomments&post=299"}],"version-history":[{"count":29,"href":"https:\/\/lesgitesdebouxhmont.com\/index.php?rest_route=\/wp\/v2\/pages\/299\/revisions"}],"predecessor-version":[{"id":1109,"href":"https:\/\/lesgitesdebouxhmont.com\/index.php?rest_route=\/wp\/v2\/pages\/299\/revisions\/1109"}],"wp:featuredmedia":[{"embeddable":true,"href":"https:\/\/lesgitesdebouxhmont.com\/index.php?rest_route=\/wp\/v2\/media\/474"}],"wp:attachment":[{"href":"https:\/\/lesgitesdebouxhmont.com\/index.php?rest_route=%2Fwp%2Fv2%2Fmedia&parent=299"}],"curies":[{"name":"wp","href":"https:\/\/api.w.org\/{rel}","templated":true}]}}